{"id":22731,"date":"2020-01-30T13:17:18","date_gmt":"2020-01-30T12:17:18","guid":{"rendered":"http:\/\/www.babysmataro.com\/?page_id=22731"},"modified":"2022-09-14T15:45:07","modified_gmt":"2022-09-14T14:45:07","slug":"home2020","status":"publish","type":"page","link":"https:\/\/babysmataro.com\/ca\/","title":{"rendered":"Babys Matar\u00f3, roba infantil de cerim\u00f2nia"},"content":{"rendered":"<p>[vc_row css_animation=&#8221;&#8221; row_type=&#8221;row&#8221; use_row_as_full_screen_section=&#8221;yes&#8221; type=&#8221;full_width&#8221; angled_section=&#8221;no&#8221; text_align=&#8221;left&#8221; background_image_as_pattern=&#8221;without_pattern&#8221; css=&#8221;.vc_custom_1579598744729{margin-top: 0px !important;margin-right: 0px !important;margin-bottom: 0px !important;margin-left: 0px !important;padding-top: 70px !important;padding-right: 70px !important;padding-bottom: 70px !important;padding-left: 70px !important;background-color: #ffffff !important;}&#8221;][vc_column][vc_raw_html]JTNDbGluayUyMGhyZWYlM0QlMjJodHRwcyUzQSUyRiUyRmZvbnRzLmdvb2dsZWFwaXMuY29tJTJGY3NzJTNGZmFtaWx5JTNEU2hhZG93cyUyQkludG8lMkJMaWdodCUyNmRpc3BsYXklM0Rzd2FwJTIyJTIwcmVsJTNEJTIyc3R5bGVzaGVldCUyMiUzRQ==[\/vc_raw_html][vc_column_text]<\/p>\n<h1 style=\"text-align: center; font-family: 'Shadows Into Light', cursive; font-size: 30pt;\">Som especialistes en cerim\u00f2nia, comuni\u00f3 i bateig<\/h1>\n<p>&nbsp;<\/p>\n<p style=\"text-align: center; font-size: 14pt;\">Personalitzem fins a l&#8217;\u00faltim detall: diadema, faix\u00ed, cintur\u00f3, lla\u00e7, sabates, coix\u00ed folrat per arres&#8230;<\/p>\n<p>[\/vc_column_text][\/vc_column][\/vc_row][vc_row css_animation=&#8221;&#8221; row_type=&#8221;row&#8221; use_row_as_full_screen_section=&#8221;no&#8221; type=&#8221;full_width&#8221; angled_section=&#8221;no&#8221; text_align=&#8221;center&#8221; background_image_as_pattern=&#8221;without_pattern&#8221; side_padding=&#8221;0&#8243; css=&#8221;.vc_custom_1579536622294{margin-top: 0px !important;margin-right: 0px !important;margin-bottom: 0px !important;margin-left: 0px !important;padding-top: 0px !important;padding-right: 0px !important;padding-bottom: 0px !important;padding-left: 0px !important;background-color: #fddce6 !important;}&#8221;][vc_column width=&#8221;2\/3&#8243; css=&#8221;.vc_custom_1579534877619{margin-top: 0px !important;margin-right: 0px !important;margin-bottom: 0px !important;margin-left: 0px !important;padding-top: 0px !important;padding-right: 0px !important;padding-bottom: 0px !important;padding-left: 0px !important;}&#8221;][vc_single_image image=&#8221;22569&#8243; img_size=&#8221;full&#8221; qode_css_animation=&#8221;&#8221; css=&#8221;.vc_custom_1579604067040{margin-top: 0px !important;margin-right: 0px !important;margin-bottom: 0px !important;margin-left: 0px !important;padding-top: 0px !important;padding-right: 0px !important;padding-bottom: 0px !important;padding-left: 0px !important;}&#8221;][\/vc_column][vc_column width=&#8221;1\/3&#8243; css=&#8221;.vc_custom_1580210023091{padding-top: 30px !important;padding-right: 30px !important;padding-bottom: 30px !important;padding-left: 30px !important;}&#8221;][vc_column_text el_class=&#8221;valign_manual&#8221;]<\/p>\n<h2 style=\"text-align: center; font-size: 30pt;\"><a href=\"https:\/\/babysmataro.com\/ca\/comunions\/nena\/\"><em>Comuni\u00f3<\/em><\/a><\/h2>\n<p>[\/vc_column_text][\/vc_column][\/vc_row][vc_row css_animation=&#8221;&#8221; row_type=&#8221;row&#8221; use_row_as_full_screen_section=&#8221;no&#8221; type=&#8221;full_width&#8221; angled_section=&#8221;no&#8221; text_align=&#8221;center&#8221; background_image_as_pattern=&#8221;without_pattern&#8221; side_padding=&#8221;0&#8243; css=&#8221;.vc_custom_1580209893556{margin-top: 0px !important;margin-right: 0px !important;margin-bottom: 0px !important;margin-left: 0px !important;padding-top: 0px !important;padding-right: 0px !important;padding-bottom: 0px !important;padding-left: 0px !important;background-color: #fddce6 !important;}&#8221; el_class=&#8221;no_web&#8221;][vc_column width=&#8221;2\/3&#8243; css=&#8221;.vc_custom_1579534877619{margin-top: 0px !important;margin-right: 0px !important;margin-bottom: 0px !important;margin-left: 0px !important;padding-top: 0px !important;padding-right: 0px !important;padding-bottom: 0px !important;padding-left: 0px !important;}&#8221;][vc_single_image image=&#8221;22573&#8243; img_size=&#8221;full&#8221; alignment=&#8221;right&#8221; qode_css_animation=&#8221;&#8221; css=&#8221;.vc_custom_1579604030136{margin-top: 0px !important;margin-right: 0px !important;margin-bottom: 0px !important;margin-left: 0px !important;padding-top: 0px !important;padding-right: 0px !important;padding-bottom: 0px !important;padding-left: 0px !important;}&#8221;][\/vc_column][vc_column width=&#8221;1\/3&#8243; css=&#8221;.vc_custom_1580210008248{padding-top: 30px !important;padding-right: 30px !important;padding-bottom: 30px !important;padding-left: 30px !important;}&#8221;][vc_column_text el_class=&#8221;valign_manual&#8221;]<\/p>\n<h2 style=\"text-align: center; font-size: 30pt;\"><a href=\"https:\/\/babysmataro.com\/ca\/ceremonies-i-noces\/nena\/\"><em>CERIM\u00d2NIA<\/em><\/a><\/h2>\n<p>[\/vc_column_text][\/vc_column][\/vc_row][vc_row css_animation=&#8221;&#8221; row_type=&#8221;row&#8221; use_row_as_full_screen_section=&#8221;no&#8221; type=&#8221;full_width&#8221; angled_section=&#8221;no&#8221; text_align=&#8221;center&#8221; background_image_as_pattern=&#8221;without_pattern&#8221; side_padding=&#8221;0&#8243; css=&#8221;.vc_custom_1580209457276{margin-top: 0px !important;margin-right: 0px !important;margin-bottom: 0px !important;margin-left: 0px !important;padding-top: 0px !important;padding-right: 0px !important;padding-bottom: 0px !important;padding-left: 0px !important;background-color: #fddce6 !important;}&#8221; el_class=&#8221;no_mobile&#8221;][vc_column width=&#8221;1\/3&#8243; css=&#8221;.vc_custom_1580209996355{margin-top: 0px !important;margin-right: 0px !important;margin-bottom: 0px !important;margin-left: 0px !important;padding-top: 30px !important;padding-right: 30px !important;padding-bottom: 30px !important;padding-left: 30px !important;background-color: #fddce6 !important;}&#8221;][vc_column_text el_class=&#8221;valign_manual&#8221;]<\/p>\n<h2 style=\"text-align: center; font-size: 30pt;\"><a href=\"https:\/\/babysmataro.com\/ca\/ceremonies-i-noces\/nena\/\"><em>CERIM\u00d2NIA<\/em><\/a><\/h2>\n<p>[\/vc_column_text][\/vc_column][vc_column width=&#8221;2\/3&#8243; css=&#8221;.vc_custom_1579535259778{margin-top: 0px !important;margin-right: 0px !important;margin-bottom: 0px !important;margin-left: 0px !important;padding-top: 0px !important;padding-right: 0px !important;padding-bottom: 0px !important;padding-left: 0px !important;}&#8221;][vc_single_image image=&#8221;22573&#8243; img_size=&#8221;full&#8221; alignment=&#8221;right&#8221; qode_css_animation=&#8221;&#8221; css=&#8221;.vc_custom_1579604030136{margin-top: 0px !important;margin-right: 0px !important;margin-bottom: 0px !important;margin-left: 0px !important;padding-top: 0px !important;padding-right: 0px !important;padding-bottom: 0px !important;padding-left: 0px !important;}&#8221;][\/vc_column][\/vc_row][vc_row css_animation=&#8221;&#8221; row_type=&#8221;row&#8221; use_row_as_full_screen_section=&#8221;no&#8221; type=&#8221;full_width&#8221; angled_section=&#8221;no&#8221; text_align=&#8221;center&#8221; background_image_as_pattern=&#8221;without_pattern&#8221; side_padding=&#8221;0&#8243; css=&#8221;.vc_custom_1579536622294{margin-top: 0px !important;margin-right: 0px !important;margin-bottom: 0px !important;margin-left: 0px !important;padding-top: 0px !important;padding-right: 0px !important;padding-bottom: 0px !important;padding-left: 0px !important;background-color: #fddce6 !important;}&#8221;][vc_column width=&#8221;2\/3&#8243; css=&#8221;.vc_custom_1579534877619{margin-top: 0px !important;margin-right: 0px !important;margin-bottom: 0px !important;margin-left: 0px !important;padding-top: 0px !important;padding-right: 0px !important;padding-bottom: 0px !important;padding-left: 0px !important;}&#8221;][vc_single_image image=&#8221;22575&#8243; img_size=&#8221;full&#8221; qode_css_animation=&#8221;&#8221; css=&#8221;.vc_custom_1579604860748{margin-top: 0px !important;margin-right: 0px !important;margin-bottom: 0px !important;margin-left: 0px !important;padding-top: 0px !important;padding-right: 0px !important;padding-bottom: 0px !important;padding-left: 0px !important;}&#8221;][\/vc_column][vc_column width=&#8221;1\/3&#8243; css=&#8221;.vc_custom_1579534864060{margin-top: 0px !important;margin-right: 0px !important;margin-bottom: 0px !important;margin-left: 0px !important;padding-top: 30px !important;padding-right: 30px !important;padding-bottom: 30px !important;padding-left: 30px !important;background-color: #fddce6 !important;}&#8221;][vc_column_text el_class=&#8221;valign_manual&#8221;]<\/p>\n<h2 style=\"text-align: center; font-size: 30pt;\"><a href=\"https:\/\/babysmataro.com\/ca\/bateig\/nena\/\"><em>BATEIG<\/em><\/a><\/h2>\n<p>[\/vc_column_text][\/vc_column][\/vc_row][vc_row css_animation=&#8221;&#8221; row_type=&#8221;row&#8221; use_row_as_full_screen_section=&#8221;no&#8221; type=&#8221;full_width&#8221; angled_section=&#8221;no&#8221; text_align=&#8221;left&#8221; background_image_as_pattern=&#8221;without_pattern&#8221; css=&#8221;.vc_custom_1579537979557{margin-top: 0px !important;margin-right: 0px !important;margin-bottom: 0px !important;margin-left: 0px !important;padding-top: 60px !important;padding-right: 30px !important;padding-bottom: 60px !important;padding-left: 30px !important;background-color: #ffffff !important;}&#8221;][vc_column][vc_column_text]<\/p>\n<h1 style=\"text-align: center; font-family: 'Shadows Into Light', cursive; font-size: 30pt;\">Tradici\u00f3 i modernitat, la nostra ra\u00f3 de ser<\/h1>\n<p>&nbsp;<\/p>\n<p style=\"text-align: center; font-size: 14pt;\">Demana la teva cita personalitzada de dilluns a dissabte: 697 12 71 63<\/p>\n<p>[\/vc_column_text][\/vc_column][\/vc_row][vc_row css_animation=&#8221;&#8221; row_type=&#8221;row&#8221; use_row_as_full_screen_section=&#8221;no&#8221; type=&#8221;full_width&#8221; angled_section=&#8221;no&#8221; text_align=&#8221;center&#8221; background_image_as_pattern=&#8221;without_pattern&#8221; row_negative_margin=&#8221;disable_negative_margin&#8221; side_padding=&#8221;0&#8243; css=&#8221;.vc_custom_1580387957085{margin-top: 0px !important;margin-right: 0px !important;margin-bottom: 0px !important;margin-left: 0px !important;padding-top: 40px !important;padding-right: 0px !important;padding-bottom: 40px !important;padding-left: 0px !important;background: #0a0707 url(https:\/\/babysmataro.com\/wp-content\/uploads\/2020\/01\/FotoArtesania.jpg?id=22738) !important;background-position: center !important;background-repeat: no-repeat !important;background-size: cover !important;}&#8221; el_class=&#8221;backfull&#8221;][vc_column width=&#8221;2\/3&#8243; css=&#8221;.vc_custom_1579534877619{margin-top: 0px !important;margin-right: 0px !important;margin-bottom: 0px !important;margin-left: 0px !important;padding-top: 0px !important;padding-right: 0px !important;padding-bottom: 0px !important;padding-left: 0px !important;}&#8221;][\/vc_column][vc_column width=&#8221;1\/3&#8243; el_class=&#8221;white50&#8243;][vc_column_text css=&#8221;.vc_custom_1582888065293{padding-top: 40px !important;padding-right: 0px !important;padding-bottom: 40px !important;padding-left: 0px !important;}&#8221;]<\/p>\n<h2 style=\"text-align: center;\"><em>Artesania<\/em><\/h2>\n<p>[\/vc_column_text][\/vc_column][\/vc_row][vc_row css_animation=&#8221;&#8221; row_type=&#8221;row&#8221; use_row_as_full_screen_section=&#8221;no&#8221; type=&#8221;full_width&#8221; angled_section=&#8221;no&#8221; text_align=&#8221;center&#8221; background_image_as_pattern=&#8221;without_pattern&#8221; row_negative_margin=&#8221;disable_negative_margin&#8221; side_padding=&#8221;0&#8243; css=&#8221;.vc_custom_1580387973148{margin-top: 0px !important;margin-right: 0px !important;margin-bottom: 0px !important;margin-left: 0px !important;padding-top: 40px !important;padding-right: 0px !important;padding-bottom: 40px !important;padding-left: 0px !important;background: #0a0707 url(https:\/\/babysmataro.com\/wp-content\/uploads\/2020\/01\/FotoCreativitat.jpg?id=22741) !important;background-position: center !important;background-repeat: no-repeat !important;background-size: cover !important;}&#8221; el_class=&#8221;backfull&#8221;][vc_column width=&#8221;1\/3&#8243; el_class=&#8221;white50&#8243;][vc_column_text css=&#8221;.vc_custom_1582888076229{padding-top: 40px !important;padding-right: 0px !important;padding-bottom: 40px !important;padding-left: 0px !important;}&#8221;]<\/p>\n<h2 style=\"text-align: center;\"><em>Creativitat<\/em><\/h2>\n<p>[\/vc_column_text][\/vc_column][vc_column width=&#8221;2\/3&#8243; css=&#8221;.vc_custom_1579534877619{margin-top: 0px !important;margin-right: 0px !important;margin-bottom: 0px !important;margin-left: 0px !important;padding-top: 0px !important;padding-right: 0px !important;padding-bottom: 0px !important;padding-left: 0px !important;}&#8221;][\/vc_column][\/vc_row][vc_row css_animation=&#8221;&#8221; row_type=&#8221;row&#8221; use_row_as_full_screen_section=&#8221;no&#8221; type=&#8221;full_width&#8221; angled_section=&#8221;no&#8221; text_align=&#8221;center&#8221; background_image_as_pattern=&#8221;without_pattern&#8221; row_negative_margin=&#8221;disable_negative_margin&#8221; side_padding=&#8221;0&#8243; css=&#8221;.vc_custom_1580387988932{margin-top: 0px !important;margin-right: 0px !important;margin-bottom: 0px !important;margin-left: 0px !important;padding-top: 40px !important;padding-right: 0px !important;padding-bottom: 40px !important;padding-left: 0px !important;background: #0a0707 url(https:\/\/babysmataro.com\/wp-content\/uploads\/2020\/01\/FotoSabates.jpg?id=22744) !important;background-position: center !important;background-repeat: no-repeat !important;background-size: cover !important;}&#8221; el_class=&#8221;backfull&#8221;][vc_column width=&#8221;2\/3&#8243; css=&#8221;.vc_custom_1579534877619{margin-top: 0px !important;margin-right: 0px !important;margin-bottom: 0px !important;margin-left: 0px !important;padding-top: 0px !important;padding-right: 0px !important;padding-bottom: 0px !important;padding-left: 0px !important;}&#8221;][\/vc_column][vc_column width=&#8221;1\/3&#8243; el_class=&#8221;white50&#8243;][vc_column_text css=&#8221;.vc_custom_1582888087998{padding-top: 40px !important;padding-right: 0px !important;padding-bottom: 40px !important;padding-left: 0px !important;}&#8221;]<\/p>\n<h2 style=\"text-align: center;\"><a href=\"https:\/\/babysmataro.com\/ca\/sabates\/\"><em>Sabates<\/em><\/a><\/h2>\n<p>[\/vc_column_text][\/vc_column][\/vc_row][vc_row css_animation=&#8221;&#8221; row_type=&#8221;row&#8221; use_row_as_full_screen_section=&#8221;no&#8221; type=&#8221;full_width&#8221; angled_section=&#8221;no&#8221; text_align=&#8221;left&#8221; background_image_as_pattern=&#8221;without_pattern&#8221;][vc_column][vc_column_text css=&#8221;.vc_custom_1580386382438{margin-top: 75px !important;margin-bottom: 50px !important;}&#8221;]<\/p>\n<h1 style=\"text-align: center; font-size: 25pt;\"><span style=\"font-family: 'Shadows Into Light', cursive;\">Segueix-nos a<\/span> Facebook<\/h1>\n<p>[\/vc_column_text][\/vc_column][\/vc_row][vc_row css_animation=&#8221;&#8221; row_type=&#8221;row&#8221; use_row_as_full_screen_section=&#8221;no&#8221; type=&#8221;full_width&#8221; angled_section=&#8221;no&#8221; text_align=&#8221;left&#8221; background_image_as_pattern=&#8221;without_pattern&#8221;][vc_column width=&#8221;1\/2&#8243;][vc_column_text css=&#8221;.vc_custom_1580386427177{margin-left: 50px !important;padding-top: 40px !important;padding-right: 40px !important;padding-bottom: 40px !important;padding-left: 40px !important;}&#8221;]<\/p>\n<h4 style=\"text-align: center;\">\u00a1Segueix el nostre dia a dia a Facebook!<\/h4>\n<h4 style=\"text-align: center;\">No esperis m\u00e9s<\/h4>\n<p>&nbsp;<\/p>\n<p style=\"text-align: center;\">Babys Matar\u00f3 aprofita les xarxes socials per acostar-se m\u00e9s als seus seguidors i amics. Estem tamb\u00e9 a<strong>\u00a0Instagram, Twitter, Youtube<\/strong>&#8230;<\/p>\n<p>&nbsp;<\/p>\n<p style=\"text-align: center;\">Aprofita el nostre<strong>\u00a0Facebook\u00a0<\/strong>per compartir els teus moments de felicitat amb nosaltres. \u00a0Envia&#8217;ns les fotografies dels vestits\u00a0dels vostres petits\u00a0i comparteix el teu moment de felicitat amb nosaltres. Moltes mamis ja ho han fet i agra\u00efm el detall.\u00a0Estem encantats d&#8217;estar al vostre costat.<\/p>\n<p>&nbsp;<\/p>\n<p style=\"text-align: center;\">A m\u00e9s, aprofita tamb\u00e9 \u00a0el nostre Facebook per estar al dia de les nostres novetats i llan\u00e7aments de temporada. Si no ten facebook, no passa res, des de la nostra pr\u00f2pia web et presentem la xarxa social en miniatura per \u00a0qu\u00e8 puguis estar al dia de tot.<\/p>\n<p>&nbsp;<\/p>\n<p style=\"text-align: center;\"><strong>\u00a1Babys, sempre pensant en tu!<\/strong><\/p>\n<p>[\/vc_column_text][\/vc_column][vc_column width=&#8221;1\/2&#8243;][vc_column_text css=&#8221;.vc_custom_1579683729822{margin-bottom: 100px !important;margin-left: 200px !important;}&#8221;]<div class=\"cameronjonesweb_facebook_page_plugin\" data-version=\"1.9.2\" data-implementation=\"shortcode\" id=\"ao42PJlAobQL4GE\" data-method=\"sdk\"><div id=\"fb-root\"><\/div><script async defer crossorigin=\"anonymous\" src=\"https:\/\/connect.facebook.net\/es_ES\/sdk.js#xfbml=1&version=v23.0\"><\/script><div class=\"fb-page\" data-href=\"https:\/\/facebook.com\/BabysMataro\/\"  data-width=\"500\" data-max-width=\"500\" data-height=\"500\" data-hide-cover=\"false\" data-show-facepile=\"true\" data-tabs=\"timeline\" data-hide-cta=\"false\" data-small-header=\"false\" data-adapt-container-width=\"true\"><div class=\"fb-xfbml-parse-ignore\"><blockquote cite=\"https:\/\/www.facebook.com\/BabysMataro\/\"><a href=\"https:\/\/www.facebook.com\/BabysMataro\/\">https:\/\/www.facebook.com\/BabysMataro\/<\/a><\/blockquote><\/div><\/div><\/div>[\/vc_column_text][\/vc_column][\/vc_row][vc_row css_animation=&#8221;&#8221; row_type=&#8221;row&#8221; use_row_as_full_screen_section=&#8221;no&#8221; type=&#8221;full_width&#8221; angled_section=&#8221;no&#8221; text_align=&#8221;left&#8221; background_image_as_pattern=&#8221;without_pattern&#8221;][vc_column][vc_column_text]<\/p>\n<h1 style=\"text-align: center;\">Noticies<\/h1>\n<p>[\/vc_column_text][\/vc_column][\/vc_row][vc_row css_animation=&#8221;&#8221; row_type=&#8221;row&#8221; use_row_as_full_screen_section=&#8221;no&#8221; type=&#8221;grid&#8221; angled_section=&#8221;no&#8221; text_align=&#8221;left&#8221; background_image_as_pattern=&#8221;without_pattern&#8221;][vc_column]<div class='latest_post_holder boxes three_columns one_row'><ul><li class=\"clearfix\"><div class=\"boxes_image\"><a itemprop=\"url\" href=\"https:\/\/babysmataro.com\/ca\/per-la-teva-comoditat-demanans-cita-previa\/\"><img loading=\"lazy\" decoding=\"async\" width=\"539\" height=\"303\" src=\"https:\/\/babysmataro.com\/wp-content\/uploads\/2017\/01\/NOTICIAS_PIDA-CITA-539x303.jpg\" class=\"attachment-latest_post_boxes size-latest_post_boxes wp-post-image\" alt=\"\" \/><\/a><\/div><div class=\"latest_post\"><div class=\"latest_post_text\"><div class=\"latest_post_inner\"><div class=\"latest_post_text_inner\"><h5 itemprop=\"name\" class=\"latest_post_title entry_title\"><a itemprop=\"url\" href=\"https:\/\/babysmataro.com\/ca\/per-la-teva-comoditat-demanans-cita-previa\/\">Per la teva comoditat, demana&#8217;ns cita previa!<\/a><\/h5><p itemprop=\"description\" class=\"excerpt\">Hola mamis! A\u00a0Babys no deixem de pensar en la vostra comoditat i qualitat de vida. En aquest sentit\u00a0us volem oferir la possibilitat de que pogueu\u00a0demanar cita pr\u00e8via. D&#8217;aquesta manera, pensem que us podrem donar una atenci\u00f3 m\u00e9s personalitzada i no tindreu que esperar ni fer......<\/p><span class=\"post_infos\"><span class=\"date_hour_holder\"><span itemprop=\"dateCreated\" class=\"date entry_date updated\">16 gener, 2017<meta itemprop=\"interactionCount\" content=\"UserComments: <?php echo get_comments_number(qode_get_page_id()); ?>\"\/><\/span><\/span><\/span><\/div><\/div><\/div><\/div><li class=\"clearfix\"><div class=\"boxes_image\"><a itemprop=\"url\" href=\"https:\/\/babysmataro.com\/ca\/firanuvis\/\"><img loading=\"lazy\" decoding=\"async\" width=\"539\" height=\"303\" src=\"https:\/\/babysmataro.com\/wp-content\/uploads\/2016\/07\/NOTICIAS_FIRA-NUVIS-539x303.jpg\" class=\"attachment-latest_post_boxes size-latest_post_boxes wp-post-image\" alt=\"\" \/><\/a><\/div><div class=\"latest_post\"><div class=\"latest_post_text\"><div class=\"latest_post_inner\"><div class=\"latest_post_text_inner\"><h5 itemprop=\"name\" class=\"latest_post_title entry_title\"><a itemprop=\"url\" href=\"https:\/\/babysmataro.com\/ca\/firanuvis\/\">Anem a Fira Nuvis!<\/a><\/h5><p itemprop=\"description\" class=\"excerpt\">Hola mamis! Des de Babys us comuniquem que aquest\u00a0cap de setmana ens trobareu\u00a0a Fira Nuvis Barcelona. Veniu a visitar-nos a la\u00a0&#8220;C\u00fapula les Arenas&#8221; y disfrutareu de la presentaci\u00f3 en pasarela de la nova colecci\u00f3 de Babys by Caterina de Cerem\u00f2nia infantil. Els\u00a0horaris seran des del......<\/p><span class=\"post_infos\"><span class=\"date_hour_holder\"><span itemprop=\"dateCreated\" class=\"date entry_date updated\">23 setembre, 2016<meta itemprop=\"interactionCount\" content=\"UserComments: <?php echo get_comments_number(qode_get_page_id()); ?>\"\/><\/span><\/span><\/span><\/div><\/div><\/div><\/div><li class=\"clearfix\"><div class=\"boxes_image\"><a itemprop=\"url\" href=\"https:\/\/babysmataro.com\/ca\/tambien-voy-boda\/\"><img loading=\"lazy\" decoding=\"async\" width=\"539\" height=\"303\" src=\"https:\/\/babysmataro.com\/wp-content\/uploads\/2016\/06\/modelos-exclusivos-539x303.jpg\" class=\"attachment-latest_post_boxes size-latest_post_boxes wp-post-image\" alt=\"\" \/><\/a><\/div><div class=\"latest_post\"><div class=\"latest_post_text\"><div class=\"latest_post_inner\"><div class=\"latest_post_text_inner\"><h5 itemprop=\"name\" class=\"latest_post_title entry_title\"><a itemprop=\"url\" href=\"https:\/\/babysmataro.com\/ca\/tambien-voy-boda\/\">Jo tamb\u00e9 vinc al teu casament!<\/a><\/h5><p itemprop=\"description\" class=\"excerpt\">Els patges i les dametes ens transmeten entusiasme, vitalitat i alegria, per aix\u00f2 no poden faltar\u00a0en un esdeveniment tan important com el casament. Ens contagien la seva il\u00b7lusi\u00f3 en aquest dia tan especial, amb els seus jocs i els seus comentaris\u00a0espontanis, fan que no parem......<\/p><span class=\"post_infos\"><span class=\"date_hour_holder\"><span itemprop=\"dateCreated\" class=\"date entry_date updated\">13 juny, 2016<meta itemprop=\"interactionCount\" content=\"UserComments: <?php echo get_comments_number(qode_get_page_id()); ?>\"\/><\/span><\/span><\/span><\/div><\/div><\/div><\/div><\/ul><\/div>[\/vc_column][\/vc_row]<\/p>\n","protected":false},"excerpt":{"rendered":"<p>[vc_row css_animation=&#8221;&#8221; row_type=&#8221;row&#8221; use_row_as_full_screen_section=&#8221;yes&#8221; type=&#8221;full_width&#8221; angled_section=&#8221;no&#8221; text_align=&#8221;left&#8221; background_image_as_pattern=&#8221;without_pattern&#8221; css=&#8221;.vc_custom_1579598744729{margin-top: 0px !important;margin-right: 0px !important;margin-bottom: 0px !important;margin-left: 0px !important;padding-top: 70px !important;padding-right: 70px !important;padding-bottom: 70px !important;padding-left: 70px !important;background-color: #ffffff !important;}&#8221;][vc_column][vc_raw_html]JTNDbGluayUyMGhyZWYlM0QlMjJodHRwcyUzQSUyRiUyRmZvbnRzLmdvb2dsZWFwaXMuY29tJTJGY3NzJTNGZmFtaWx5JTNEU2hhZG93cyUyQkludG8lMkJMaWdodCUyNmRpc3BsYXklM0Rzd2FwJTIyJTIwcmVsJTNEJTIyc3R5bGVzaGVldCUyMiUzRQ==[\/vc_raw_html][vc_column_text] Som especialistes en cerim\u00f2nia, comuni\u00f3 i bateig &nbsp; Personalitzem fins a l&#8217;\u00faltim detall: diadema, faix\u00ed, cintur\u00f3, lla\u00e7, sabates,&#8230;<\/p>\n","protected":false},"author":1,"featured_media":0,"parent":0,"menu_order":0,"comment_status":"closed","ping_status":"closed","template":"full_width.php","meta":{"footnotes":""},"class_list":["post-22731","page","type-page","status-publish","hentry"],"yoast_head":"<!-- This site is optimized with the Yoast SEO plugin v27.5 - https:\/\/yoast.com\/product\/yoast-seo-wordpress\/ -->\n<title>Babys Matar\u00f3, roba infantil de cerim\u00f2nia - Babys Mataro<\/title>\n<meta name=\"robots\" content=\"index, follow, max-snippet:-1, max-image-preview:large, max-video-preview:-1\" \/>\n<link rel=\"canonical\" href=\"https:\/\/babysmataro.com\/ca\/\" \/>\n<meta property=\"og:locale\" content=\"ca_ES\" \/>\n<meta property=\"og:type\" content=\"article\" \/>\n<meta property=\"og:title\" content=\"Babys Matar\u00f3, roba infantil de cerim\u00f2nia - Babys Mataro\" \/>\n<meta property=\"og:description\" content=\"[vc_row css_animation=&#8221;&#8221; row_type=&#8221;row&#8221; use_row_as_full_screen_section=&#8221;yes&#8221; type=&#8221;full_width&#8221; angled_section=&#8221;no&#8221; text_align=&#8221;left&#8221; background_image_as_pattern=&#8221;without_pattern&#8221; css=&#8221;.vc_custom_1579598744729{margin-top: 0px !important;margin-right: 0px !important;margin-bottom: 0px !important;margin-left: 0px !important;padding-top: 70px !important;padding-right: 70px !important;padding-bottom: 70px !important;padding-left: 70px !important;background-color: #ffffff !important;}&#8221;][vc_column][vc_raw_html]JTNDbGluayUyMGhyZWYlM0QlMjJodHRwcyUzQSUyRiUyRmZvbnRzLmdvb2dsZWFwaXMuY29tJTJGY3NzJTNGZmFtaWx5JTNEU2hhZG93cyUyQkludG8lMkJMaWdodCUyNmRpc3BsYXklM0Rzd2FwJTIyJTIwcmVsJTNEJTIyc3R5bGVzaGVldCUyMiUzRQ==[\/vc_raw_html][vc_column_text] Som especialistes en cerim\u00f2nia, comuni\u00f3 i bateig &nbsp; Personalitzem fins a l&#8217;\u00faltim detall: diadema, faix\u00ed, cintur\u00f3, lla\u00e7, sabates,...\" \/>\n<meta property=\"og:url\" content=\"https:\/\/babysmataro.com\/ca\/\" \/>\n<meta property=\"og:site_name\" content=\"Babys Mataro\" \/>\n<meta property=\"article:modified_time\" content=\"2022-09-14T14:45:07+00:00\" \/>\n<meta name=\"twitter:card\" content=\"summary_large_image\" \/>\n<meta name=\"twitter:label1\" content=\"Temps estimat de lectura\" \/>\n\t<meta name=\"twitter:data1\" content=\"4 minuts\" \/>\n<script type=\"application\/ld+json\" class=\"yoast-schema-graph\">{\"@context\":\"https:\\\/\\\/schema.org\",\"@graph\":[{\"@type\":\"WebPage\",\"@id\":\"https:\\\/\\\/babysmataro.com\\\/ca\\\/\",\"url\":\"https:\\\/\\\/babysmataro.com\\\/ca\\\/\",\"name\":\"Babys Matar\u00f3, roba infantil de cerim\u00f2nia - Babys Mataro\",\"isPartOf\":{\"@id\":\"https:\\\/\\\/babysmataro.com\\\/ca\\\/#website\"},\"datePublished\":\"2020-01-30T12:17:18+00:00\",\"dateModified\":\"2022-09-14T14:45:07+00:00\",\"breadcrumb\":{\"@id\":\"https:\\\/\\\/babysmataro.com\\\/ca\\\/#breadcrumb\"},\"inLanguage\":\"ca\",\"potentialAction\":[{\"@type\":\"ReadAction\",\"target\":[\"https:\\\/\\\/babysmataro.com\\\/ca\\\/\"]}]},{\"@type\":\"BreadcrumbList\",\"@id\":\"https:\\\/\\\/babysmataro.com\\\/ca\\\/#breadcrumb\",\"itemListElement\":[{\"@type\":\"ListItem\",\"position\":1,\"name\":\"Portada\",\"item\":\"https:\\\/\\\/babysmataro.com\\\/ca\\\/\"},{\"@type\":\"ListItem\",\"position\":2,\"name\":\"Babys Matar\u00f3, roba infantil de cerim\u00f2nia\"}]},{\"@type\":\"WebSite\",\"@id\":\"https:\\\/\\\/babysmataro.com\\\/ca\\\/#website\",\"url\":\"https:\\\/\\\/babysmataro.com\\\/ca\\\/\",\"name\":\"Babys Mataro\",\"description\":\"\",\"potentialAction\":[{\"@type\":\"SearchAction\",\"target\":{\"@type\":\"EntryPoint\",\"urlTemplate\":\"https:\\\/\\\/babysmataro.com\\\/ca\\\/?s={search_term_string}\"},\"query-input\":{\"@type\":\"PropertyValueSpecification\",\"valueRequired\":true,\"valueName\":\"search_term_string\"}}],\"inLanguage\":\"ca\"}]}<\/script>\n<!-- \/ Yoast SEO plugin. -->","yoast_head_json":{"title":"Babys Matar\u00f3, roba infantil de cerim\u00f2nia - Babys Mataro","robots":{"index":"index","follow":"follow","max-snippet":"max-snippet:-1","max-image-preview":"max-image-preview:large","max-video-preview":"max-video-preview:-1"},"canonical":"https:\/\/babysmataro.com\/ca\/","og_locale":"ca_ES","og_type":"article","og_title":"Babys Matar\u00f3, roba infantil de cerim\u00f2nia - Babys Mataro","og_description":"[vc_row css_animation=&#8221;&#8221; row_type=&#8221;row&#8221; use_row_as_full_screen_section=&#8221;yes&#8221; type=&#8221;full_width&#8221; angled_section=&#8221;no&#8221; text_align=&#8221;left&#8221; background_image_as_pattern=&#8221;without_pattern&#8221; css=&#8221;.vc_custom_1579598744729{margin-top: 0px !important;margin-right: 0px !important;margin-bottom: 0px !important;margin-left: 0px !important;padding-top: 70px !important;padding-right: 70px !important;padding-bottom: 70px !important;padding-left: 70px !important;background-color: #ffffff !important;}&#8221;][vc_column][vc_raw_html]JTNDbGluayUyMGhyZWYlM0QlMjJodHRwcyUzQSUyRiUyRmZvbnRzLmdvb2dsZWFwaXMuY29tJTJGY3NzJTNGZmFtaWx5JTNEU2hhZG93cyUyQkludG8lMkJMaWdodCUyNmRpc3BsYXklM0Rzd2FwJTIyJTIwcmVsJTNEJTIyc3R5bGVzaGVldCUyMiUzRQ==[\/vc_raw_html][vc_column_text] Som especialistes en cerim\u00f2nia, comuni\u00f3 i bateig &nbsp; Personalitzem fins a l&#8217;\u00faltim detall: diadema, faix\u00ed, cintur\u00f3, lla\u00e7, sabates,...","og_url":"https:\/\/babysmataro.com\/ca\/","og_site_name":"Babys Mataro","article_modified_time":"2022-09-14T14:45:07+00:00","twitter_card":"summary_large_image","twitter_misc":{"Temps estimat de lectura":"4 minuts"},"schema":{"@context":"https:\/\/schema.org","@graph":[{"@type":"WebPage","@id":"https:\/\/babysmataro.com\/ca\/","url":"https:\/\/babysmataro.com\/ca\/","name":"Babys Matar\u00f3, roba infantil de cerim\u00f2nia - Babys Mataro","isPartOf":{"@id":"https:\/\/babysmataro.com\/ca\/#website"},"datePublished":"2020-01-30T12:17:18+00:00","dateModified":"2022-09-14T14:45:07+00:00","breadcrumb":{"@id":"https:\/\/babysmataro.com\/ca\/#breadcrumb"},"inLanguage":"ca","potentialAction":[{"@type":"ReadAction","target":["https:\/\/babysmataro.com\/ca\/"]}]},{"@type":"BreadcrumbList","@id":"https:\/\/babysmataro.com\/ca\/#breadcrumb","itemListElement":[{"@type":"ListItem","position":1,"name":"Portada","item":"https:\/\/babysmataro.com\/ca\/"},{"@type":"ListItem","position":2,"name":"Babys Matar\u00f3, roba infantil de cerim\u00f2nia"}]},{"@type":"WebSite","@id":"https:\/\/babysmataro.com\/ca\/#website","url":"https:\/\/babysmataro.com\/ca\/","name":"Babys Mataro","description":"","potentialAction":[{"@type":"SearchAction","target":{"@type":"EntryPoint","urlTemplate":"https:\/\/babysmataro.com\/ca\/?s={search_term_string}"},"query-input":{"@type":"PropertyValueSpecification","valueRequired":true,"valueName":"search_term_string"}}],"inLanguage":"ca"}]}},"_links":{"self":[{"href":"https:\/\/babysmataro.com\/ca\/wp-json\/wp\/v2\/pages\/22731","targetHints":{"allow":["GET"]}}],"collection":[{"href":"https:\/\/babysmataro.com\/ca\/wp-json\/wp\/v2\/pages"}],"about":[{"href":"https:\/\/babysmataro.com\/ca\/wp-json\/wp\/v2\/types\/page"}],"author":[{"embeddable":true,"href":"https:\/\/babysmataro.com\/ca\/wp-json\/wp\/v2\/users\/1"}],"replies":[{"embeddable":true,"href":"https:\/\/babysmataro.com\/ca\/wp-json\/wp\/v2\/comments?post=22731"}],"version-history":[{"count":0,"href":"https:\/\/babysmataro.com\/ca\/wp-json\/wp\/v2\/pages\/22731\/revisions"}],"wp:attachment":[{"href":"https:\/\/babysmataro.com\/ca\/wp-json\/wp\/v2\/media?parent=22731"}],"curies":[{"name":"wp","href":"https:\/\/api.w.org\/{rel}","templated":true}]}}